{"id":219668,"date":"2023-05-10T13:39:52","date_gmt":"2023-05-10T13:39:52","guid":{"rendered":"https:\/\/windyjets.com\/uns\/"},"modified":"2023-07-12T08:33:00","modified_gmt":"2023-07-12T08:33:00","slug":"ueber-uns","status":"publish","type":"page","link":"https:\/\/windyjets.com\/de\/ueber-uns\/","title":{"rendered":"\u00dcber uns"},"content":{"rendered":"<p>[et_pb_section fb_built=&#8220;1&#8243; _builder_version=&#8220;4.21.0&#8243; _module_preset=&#8220;default&#8220; top_divider_style=&#8220;arrow3&#8243; top_divider_color=&#8220;#003890&#8243; top_divider_height=&#8220;52px&#8220; global_colors_info=&#8220;{}&#8220;][et_pb_row column_structure=&#8220;1_2,1_2&#8243; _builder_version=&#8220;4.21.0&#8243; _module_preset=&#8220;default&#8220; global_colors_info=&#8220;{}&#8220;][et_pb_column type=&#8220;1_2&#8243; _builder_version=&#8220;4.21.0&#8243; _module_preset=&#8220;default&#8220; global_colors_info=&#8220;{}&#8220;][et_pb_image src=&#8220;https:\/\/windyjets.com\/wp-content\/uploads\/2023\/05\/favicon.png&#8220; title_text=&#8220;favicon&#8220; align=&#8220;center&#8220; _builder_version=&#8220;4.21.0&#8243; _module_preset=&#8220;default&#8220; width=&#8220;71%&#8220; width_tablet=&#8220;71%&#8220; width_phone=&#8220;74%&#8220; width_last_edited=&#8220;on|phone&#8220; animation_style=&#8220;roll&#8220; global_colors_info=&#8220;{}&#8220;][\/et_pb_image][\/et_pb_column][et_pb_column type=&#8220;1_2&#8243; _builder_version=&#8220;4.21.0&#8243; _module_preset=&#8220;default&#8220; global_colors_info=&#8220;{}&#8220;][et_pb_text _builder_version=&#8220;4.21.0&#8243; _module_preset=&#8220;default&#8220; text_text_color=&#8220;#003890&#8243; text_font_size=&#8220;20px&#8220; global_colors_info=&#8220;{}&#8220;]<\/p>\n<h1 style=\"text-align: center;\"><strong>FLIEGEN SIE MIT WINDYJETS<\/strong><\/h1>\n<p><strong><\/strong><\/p>\n<p style=\"text-align: left;\">Von WindyJets aus verwalten wir alle notwendigen Details, um einen Privatjet f\u00fcr Ihre Reise zu mieten.<\/p>\n<p style=\"text-align: left;\">Von der Auswahl eines Privatjets \u00fcber die Terminplanung und Preisverhandlung bis hin zur Auswahl der Speisen, die w\u00e4hrend der Flugstunden in Ihrem Privatjet serviert werden, sorgen wir daf\u00fcr, dass Sie ein au\u00dfergew\u00f6hnliches Erlebnis haben.<\/p>\n<p>[\/et_pb_text][et_pb_button button_url=&#8220;@ET-DC@eyJkeW5hbWljIjp0cnVlLCJjb250ZW50IjoicG9zdF9saW5rX3VybF9wYWdlIiwic2V0dGluZ3MiOnsicG9zdF9pZCI6IjIxNzA2OCJ9fQ==@&#8220; button_text=&#8220;Kontakt&#8220; button_alignment=&#8220;center&#8220; _builder_version=&#8220;4.21.0&#8243; _dynamic_attributes=&#8220;button_url&#8220; _module_preset=&#8220;default&#8220; custom_button=&#8220;on&#8220; button_text_color=&#8220;#003890&#8243; button_icon=&#8220;&#xf072;||fa||900&#8243; global_colors_info=&#8220;{}&#8220;][\/et_pb_button][\/et_pb_column][\/et_pb_row][\/et_pb_section][et_pb_section fb_built=&#8220;1&#8243; _builder_version=&#8220;4.21.0&#8243; _module_preset=&#8220;default&#8220; global_colors_info=&#8220;{}&#8220;][et_pb_row _builder_version=&#8220;4.21.0&#8243; _module_preset=&#8220;default&#8220; global_colors_info=&#8220;{}&#8220;][et_pb_column type=&#8220;4_4&#8243; _builder_version=&#8220;4.21.0&#8243; _module_preset=&#8220;default&#8220; global_colors_info=&#8220;{}&#8220;][dsm_text_divider header=&#8220;WindyJets&#8220; divider_style=&#8220;double&#8220; text_gap=&#8220;14px&#8220; height=&#8220;100px&#8220; _builder_version=&#8220;4.21.0&#8243; _module_preset=&#8220;default&#8220; header_text_color=&#8220;#003890&#8243; module_alignment=&#8220;center&#8220; max_height=&#8220;100px&#8220; custom_margin=&#8220;-143px|||||&#8220; global_colors_info=&#8220;{}&#8220;][\/dsm_text_divider][\/et_pb_column][\/et_pb_row][\/et_pb_section][et_pb_section fb_built=&#8220;1&#8243; admin_label=&#8220;Por que confiar en WindyJets&#8220; _builder_version=&#8220;4.21.0&#8243; _module_preset=&#8220;default&#8220; use_background_color_gradient=&#8220;on&#8220; background_color_gradient_stops=&#8220;#3c4d8a 0%|#2b87da 100%&#8220; vertical_offset=&#8220;-66px&#8220; vertical_offset_tablet=&#8220;-66px&#8220; vertical_offset_phone=&#8220;-66px&#8220; vertical_offset_last_edited=&#8220;on|desktop&#8220; locked=&#8220;off&#8220; global_colors_info=&#8220;{}&#8220;][et_pb_row _builder_version=&#8220;4.21.0&#8243; _module_preset=&#8220;default&#8220; global_colors_info=&#8220;{}&#8220;][et_pb_column type=&#8220;4_4&#8243; _builder_version=&#8220;4.21.0&#8243; _module_preset=&#8220;default&#8220; global_colors_info=&#8220;{}&#8220;][et_pb_text _builder_version=&#8220;4.21.0&#8243; _module_preset=&#8220;default&#8220; text_font=&#8220;||||||||&#8220; text_text_color=&#8220;rgba(255,255,255,0.66)&#8220; text_line_height=&#8220;1.3em&#8220; hover_enabled=&#8220;0&#8243; text_font_size_tablet=&#8220;&#8220; text_font_size_phone=&#8220;36px&#8220; text_font_size_last_edited=&#8220;on|phone&#8220; header_2_font_size_tablet=&#8220;&#8220; header_2_font_size_phone=&#8220;23px&#8220; header_2_font_size_last_edited=&#8220;on|phone&#8220; global_colors_info=&#8220;{}&#8220; sticky_enabled=&#8220;0&#8243;]<\/p>\n<p>Warum WindyJets vertrauen?<\/p>\n<p>[\/et_pb_text][\/et_pb_column][\/et_pb_row][et_pb_row column_structure=&#8220;1_4,1_4,1_4,1_4&#8243; _builder_version=&#8220;4.21.0&#8243; _module_preset=&#8220;default&#8220; animation_style=&#8220;fade&#8220; global_colors_info=&#8220;{}&#8220;][et_pb_column type=&#8220;1_4&#8243; _builder_version=&#8220;4.21.0&#8243; _module_preset=&#8220;default&#8220; global_colors_info=&#8220;{}&#8220;][et_pb_icon font_icon=&#8220;&#xf5b0;||fa||900&#8243; icon_color=&#8220;gcid-5911d660-0841-4dee-8e47-e80ae49250c1&#8243; icon_width=&#8220;61px&#8220; _builder_version=&#8220;4.21.0&#8243; _module_preset=&#8220;default&#8220; box_shadow_style=&#8220;preset4&#8243; box_shadow_blur=&#8220;16px&#8220; global_colors_info=&#8220;{%22gcid-5911d660-0841-4dee-8e47-e80ae49250c1%22:%91%22icon_color%22%93}&#8220;][\/et_pb_icon][et_pb_text _builder_version=&#8220;4.21.0&#8243; _module_preset=&#8220;default&#8220; text_font=&#8220;|||on|||||&#8220; text_text_color=&#8220;gcid-5911d660-0841-4dee-8e47-e80ae49250c1&#8243; text_font_size=&#8220;17px&#8220; global_colors_info=&#8220;{%22gcid-5911d660-0841-4dee-8e47-e80ae49250c1%22:%91%22text_text_color%22%93}&#8220;]<\/p>\n<p style=\"text-align: center;\">SICHERHEIT<\/p>\n<p>[\/et_pb_text][et_pb_text _builder_version=&#8220;4.21.0&#8243; _module_preset=&#8220;default&#8220; text_font=&#8220;||||||||&#8220; text_text_color=&#8220;gcid-5911d660-0841-4dee-8e47-e80ae49250c1&#8243; text_font_size=&#8220;16px&#8220; global_colors_info=&#8220;{%22gcid-5911d660-0841-4dee-8e47-e80ae49250c1%22:%91%22text_text_color%22%93}&#8220;]<\/p>\n<p style=\"text-align: center;\">Sie fliegen immer mit privaten Luftfahrtunternehmen, die alle Flugsicherheitsvorschriften einhalten.<\/p>\n<p>[\/et_pb_text][\/et_pb_column][et_pb_column type=&#8220;1_4&#8243; _builder_version=&#8220;4.21.0&#8243; _module_preset=&#8220;default&#8220; global_colors_info=&#8220;{}&#8220;][et_pb_icon font_icon=&#8220;&#xf57e;||fa||900&#8243; icon_color=&#8220;gcid-5911d660-0841-4dee-8e47-e80ae49250c1&#8243; icon_width=&#8220;61px&#8220; _builder_version=&#8220;4.21.0&#8243; _module_preset=&#8220;default&#8220; box_shadow_style=&#8220;preset4&#8243; box_shadow_blur=&#8220;16px&#8220; global_colors_info=&#8220;{%22gcid-5911d660-0841-4dee-8e47-e80ae49250c1%22:%91%22icon_color%22%93}&#8220;][\/et_pb_icon][et_pb_text _builder_version=&#8220;4.21.0&#8243; _module_preset=&#8220;default&#8220; text_font=&#8220;|||on|||||&#8220; text_text_color=&#8220;gcid-5911d660-0841-4dee-8e47-e80ae49250c1&#8243; text_font_size=&#8220;17px&#8220; global_colors_info=&#8220;{%22gcid-5911d660-0841-4dee-8e47-e80ae49250c1%22:%91%22text_text_color%22%93}&#8220;]<\/p>\n<p style=\"text-align: center;\">ALLE ZIELE<\/p>\n<p>[\/et_pb_text][et_pb_text _builder_version=&#8220;4.21.0&#8243; _module_preset=&#8220;default&#8220; text_font=&#8220;||||||||&#8220; text_text_color=&#8220;gcid-5911d660-0841-4dee-8e47-e80ae49250c1&#8243; text_font_size=&#8220;16px&#8220; global_colors_info=&#8220;{%22gcid-5911d660-0841-4dee-8e47-e80ae49250c1%22:%91%22text_text_color%22%93}&#8220;]<\/p>\n<p style=\"text-align: center;\">Mit Privatfl\u00fcgen k\u00f6nnen Sie Flugh\u00e4fen erreichen, an denen keine regul\u00e4ren Fl\u00fcge ankommen.<\/p>\n<p>[\/et_pb_text][\/et_pb_column][et_pb_column type=&#8220;1_4&#8243; _builder_version=&#8220;4.21.0&#8243; _module_preset=&#8220;default&#8220; global_colors_info=&#8220;{}&#8220;][et_pb_icon font_icon=&#8220;&#xf4fc;||fa||900&#8243; icon_color=&#8220;gcid-5911d660-0841-4dee-8e47-e80ae49250c1&#8243; icon_width=&#8220;61px&#8220; _builder_version=&#8220;4.21.0&#8243; _module_preset=&#8220;default&#8220; box_shadow_style=&#8220;preset4&#8243; box_shadow_blur=&#8220;16px&#8220; global_colors_info=&#8220;{%22gcid-5911d660-0841-4dee-8e47-e80ae49250c1%22:%91%22icon_color%22%93}&#8220;][\/et_pb_icon][et_pb_text _builder_version=&#8220;4.21.0&#8243; _module_preset=&#8220;default&#8220; text_font=&#8220;|||on|||||&#8220; text_text_color=&#8220;gcid-5911d660-0841-4dee-8e47-e80ae49250c1&#8243; text_font_size=&#8220;17px&#8220; global_colors_info=&#8220;{%22gcid-5911d660-0841-4dee-8e47-e80ae49250c1%22:%91%22text_text_color%22%93}&#8220;]<\/p>\n<p style=\"text-align: center;\">PROFESSIONALIT\u00c4T<\/p>\n<p>[\/et_pb_text][et_pb_text _builder_version=&#8220;4.21.0&#8243; _module_preset=&#8220;default&#8220; text_font=&#8220;||||||||&#8220; text_text_color=&#8220;gcid-5911d660-0841-4dee-8e47-e80ae49250c1&#8243; text_font_size=&#8220;16px&#8220; global_colors_info=&#8220;{%22gcid-5911d660-0841-4dee-8e47-e80ae49250c1%22:%91%22text_text_color%22%93}&#8220;]<\/p>\n<p style=\"text-align: center;\">Wir w\u00e4hlen unsere Partner sorgf\u00e4ltig aus, um den besten Service auf Ihrer Reise zu garantieren.<\/p>\n<p>[\/et_pb_text][\/et_pb_column][et_pb_column type=&#8220;1_4&#8243; _builder_version=&#8220;4.21.0&#8243; _module_preset=&#8220;default&#8220; global_colors_info=&#8220;{}&#8220;][et_pb_icon font_icon=&#8220;&#xf2d7;||fa||400&#8243; icon_color=&#8220;gcid-5911d660-0841-4dee-8e47-e80ae49250c1&#8243; icon_width=&#8220;61px&#8220; _builder_version=&#8220;4.21.0&#8243; _module_preset=&#8220;default&#8220; box_shadow_style=&#8220;preset4&#8243; box_shadow_blur=&#8220;16px&#8220; global_colors_info=&#8220;{%22gcid-5911d660-0841-4dee-8e47-e80ae49250c1%22:%91%22icon_color%22%93}&#8220;][\/et_pb_icon][et_pb_text _builder_version=&#8220;4.21.0&#8243; _module_preset=&#8220;default&#8220; text_font=&#8220;|||on|||||&#8220; text_text_color=&#8220;gcid-5911d660-0841-4dee-8e47-e80ae49250c1&#8243; text_font_size=&#8220;17px&#8220; global_colors_info=&#8220;{%22gcid-5911d660-0841-4dee-8e47-e80ae49250c1%22:%91%22text_text_color%22%93}&#8220;]<\/p>\n<p style=\"text-align: center;\">ERFAHRUNG<\/p>\n<p>[\/et_pb_text][et_pb_text _builder_version=&#8220;4.21.0&#8243; _module_preset=&#8220;default&#8220; text_font=&#8220;||||||||&#8220; text_text_color=&#8220;gcid-5911d660-0841-4dee-8e47-e80ae49250c1&#8243; text_font_size=&#8220;16px&#8220; global_colors_info=&#8220;{%22gcid-5911d660-0841-4dee-8e47-e80ae49250c1%22:%91%22text_text_color%22%93}&#8220;]<\/p>\n<p style=\"text-align: center;\">Wir stellen Ihnen unser gesamtes Wissen im Management von Privatfl\u00fcgen zur Verf\u00fcgung.<\/p>\n<p>[\/et_pb_text][\/et_pb_column][\/et_pb_row][\/et_pb_section][et_pb_section fb_built=&#8220;1&#8243; admin_label=&#8220;Contactar&#8220; _builder_version=&#8220;4.21.0&#8243; _module_preset=&#8220;default&#8220; vertical_offset_tablet=&#8220;&#8220; vertical_offset_phone=&#8220;0px&#8220; vertical_offset_last_edited=&#8220;on|phone&#8220; top_divider_style=&#8220;curve2&#8243; top_divider_color=&#8220;#003890&#8243; top_divider_height=&#8220;39px&#8220; top_divider_repeat=&#8220;1x&#8220; top_divider_flip=&#8220;vertical&#8220; top_divider_arrangement=&#8220;above_content&#8220; top_divider_style_tablet=&#8220;curve&#8220; top_divider_style_phone=&#8220;curve&#8220; top_divider_style_last_edited=&#8220;on|phone&#8220; border_width_all=&#8220;4px&#8220; border_color_all=&#8220;#0C71C3&#8243; border_style_all=&#8220;outset&#8220; locked=&#8220;off&#8220; global_colors_info=&#8220;{}&#8220;][et_pb_row _builder_version=&#8220;4.21.0&#8243; _module_preset=&#8220;default&#8220; global_colors_info=&#8220;{}&#8220;][et_pb_column type=&#8220;4_4&#8243; _builder_version=&#8220;4.21.0&#8243; _module_preset=&#8220;default&#8220; global_colors_info=&#8220;{}&#8220;][et_pb_text _builder_version=&#8220;4.21.0&#8243; _module_preset=&#8220;default&#8220; text_text_color=&#8220;#003890&#8243; text_font_size_tablet=&#8220;&#8220; text_font_size_phone=&#8220;34px&#8220; text_font_size_last_edited=&#8220;on|phone&#8220; global_colors_info=&#8220;{}&#8220;]<\/p>\n<p>Kontaktiere uns<\/p>\n<p>[\/et_pb_text][\/et_pb_column][\/et_pb_row][et_pb_row column_structure=&#8220;1_2,1_2&#8243; _builder_version=&#8220;4.21.0&#8243; _module_preset=&#8220;default&#8220; global_colors_info=&#8220;{}&#8220;][et_pb_column type=&#8220;1_2&#8243; _builder_version=&#8220;4.21.0&#8243; _module_preset=&#8220;default&#8220; global_colors_info=&#8220;{}&#8220;][et_pb_text _builder_version=&#8220;4.21.0&#8243; _module_preset=&#8220;default&#8220; text_text_color=&#8220;#003890&#8243; text_font_size=&#8220;22px&#8220; global_colors_info=&#8220;{}&#8220;]<\/p>\n<p>Kontaktieren Sie uns bei Fragen oder Anmerkungen zu unseren Leistungen f\u00fcr Privatflugreisen: Preise, Verf\u00fcgbarkeit, Zusatzleistungen&#8230;<\/p>\n<p>Wenn Sie ein Budget f\u00fcr die Anmietung eines Privatjets, einen Charter f\u00fcr eine Gruppe oder eine damit verbundene Dienstleistung w\u00fcnschen, k\u00f6nnen Sie uns \u00fcber das Formular oder per E-Mail kontaktieren:<\/p>\n<p>[\/et_pb_text][dsm_icon_list list_layout=&#8220;horizontal&#8220; list_alignment=&#8220;center&#8220; list_space_between=&#8220;51px&#8220; list_background=&#8220;RGBA(255,255,255,0)&#8220; _builder_version=&#8220;4.21.0&#8243; _module_preset=&#8220;default&#8220; module_alignment=&#8220;center&#8220; box_shadow_style=&#8220;preset1&#8243; global_colors_info=&#8220;{}&#8220;][dsm_icon_list_child text=&#8220;info@windyjets.com&#8220; font_icon=&#8220;&#xe010;||divi||400&#8243; icon_padding=&#8220;4px&#8220; icon_font_size=&#8220;27px&#8220; url=&#8220;mailto:info@windyjets.com&#8220; url_new_window=&#8220;on&#8220; _builder_version=&#8220;4.21.0&#8243; _module_preset=&#8220;default&#8220; text_text_color=&#8220;#003890&#8243; text_font_size=&#8220;18px&#8220; global_colors_info=&#8220;{}&#8220;][\/dsm_icon_list_child][\/dsm_icon_list][dsm_icon_list list_layout=&#8220;horizontal&#8220; list_alignment=&#8220;center&#8220; list_space_between=&#8220;51px&#8220; list_background=&#8220;RGBA(255,255,255,0)&#8220; _builder_version=&#8220;4.21.0&#8243; _module_preset=&#8220;default&#8220; module_alignment=&#8220;center&#8220; box_shadow_style=&#8220;preset1&#8243; global_colors_info=&#8220;{}&#8220;][dsm_icon_list_child text=&#8220;+34 626 680 092&#8243; font_icon=&#8220;&#xe090;||divi||400&#8243; icon_padding=&#8220;3px&#8220; icon_font_size=&#8220;29px&#8220; url=&#8220;tel:+34626680092&#8243; _builder_version=&#8220;4.21.0&#8243; _module_preset=&#8220;default&#8220; text_text_color=&#8220;#003890&#8243; global_colors_info=&#8220;{}&#8220;][\/dsm_icon_list_child][\/dsm_icon_list][et_pb_image src=&#8220;https:\/\/windyjets.com\/wp-content\/uploads\/2023\/05\/favicon.png&#8220; title_text=&#8220;favicon&#8220; align=&#8220;center&#8220; _builder_version=&#8220;4.21.0&#8243; _module_preset=&#8220;default&#8220; width=&#8220;44%&#8220; width_tablet=&#8220;44%&#8220; width_phone=&#8220;36%&#8220; width_last_edited=&#8220;on|phone&#8220; animation_style=&#8220;roll&#8220; locked=&#8220;off&#8220; global_colors_info=&#8220;{}&#8220;][\/et_pb_image][\/et_pb_column][et_pb_column type=&#8220;1_2&#8243; _builder_version=&#8220;4.21.0&#8243; _module_preset=&#8220;default&#8220; global_colors_info=&#8220;{}&#8220;][dvppl_cf7_styler form_padding=&#8220;1px|0px|1px|0px|false|false&#8220; use_form_button_fullwidth=&#8220;on&#8220; cf7=&#8220;216916&#8243; form_field_height=&#8220;35px&#8220; form_field_spacing=&#8220;0px&#8220; form_label_spacing=&#8220;0px&#8220; cr_custom_styles=&#8220;on&#8220; cr_size=&#8220;26px&#8220; cr_selected_color=&#8220;#003890&#8243; _builder_version=&#8220;4.21.0&#8243; _module_preset=&#8220;default&#8220; placeholder_text_color=&#8220;#003890&#8243; placeholder_font_size=&#8220;16px&#8220; placeholder_line_height=&#8220;1em&#8220; custom_submit_button=&#8220;on&#8220; submit_button_text_color=&#8220;#003890&#8243; submit_button_border_radius=&#8220;0px&#8220; border_radii_field=&#8220;on|20px|20px|20px|20px&#8220; border_color_all_field=&#8220;#003890&#8243; border_style_all_field=&#8220;dashed&#8220; global_colors_info=&#8220;{}&#8220;][\/dvppl_cf7_styler][et_pb_text _builder_version=&#8220;4.21.0&#8243; _module_preset=&#8220;default&#8220; text_font=&#8220;||||||||&#8220; text_font_size=&#8220;14px&#8220; locked=&#8220;off&#8220; global_colors_info=&#8220;{}&#8220;]<\/p>\n<p style=\"text-align: left;\">* Pflichtfeld Mit dem Absenden der Nachricht \u00fcber unser Formular akzeptieren Sie unsere <a href=\"\" target=\"\" rel=\"noopener\">Datenschutzbestimmungen.<\/a><\/p>\n<p>This site is protected by reCAPTCHA and the Google. <a href=\"https:\/\/policies.google.com\/privacy\" rel=\"\u201dnofollow\u201d\">Privacy Policy<\/a> and <a href=\"https:\/\/policies.google.com\/terms\" rel=\"\u201dnofollow\u201d\">Terms of Service<\/a> apply.<\/p>\n<p>[\/et_pb_text][\/et_pb_column][\/et_pb_row][\/et_pb_section]<\/p>\n","protected":false},"excerpt":{"rendered":"<p>Von der Auswahl eines Privatjets \u00fcber die Terminplanung und Preisverhandlung bis hin zur Auswahl der Speisen, die w\u00e4hrend der Flugstunden in Ihrem Privatjet serviert werden, sorgen wir daf\u00fcr, dass Sie ein au\u00dfergew\u00f6hnliches Erlebnis haben.<\/p>\n","protected":false},"author":2,"featured_media":218265,"parent":0,"menu_order":0,"comment_status":"closed","ping_status":"closed","template":"","meta":{"_et_pb_use_builder":"on","_et_pb_old_content":"","_et_gb_content_width":"","footnotes":""},"class_list":["post-219668","page","type-page","status-publish","has-post-thumbnail","hentry"],"yoast_head":"<!-- This site is optimized with the Yoast SEO plugin v22.6 - https:\/\/yoast.com\/wordpress\/plugins\/seo\/ -->\n<title>Experten f\u00fcr private Luftfahrt \u2013 WindyJets<\/title>\n<meta name=\"description\" content=\"Wir begleiten Sie bei Ihrer Privatjet-Reiseplanung. Wir sind Experten f\u00fcr die private Luftfahrt und alle damit verbundenen Dienstleistungen.\" \/>\n<meta name=\"robots\" content=\"index, follow, max-snippet:-1, max-image-preview:large, max-video-preview:-1\" \/>\n<link rel=\"canonical\" href=\"https:\/\/windyjets.com\/de\/ueber-uns\/\" \/>\n<meta property=\"og:locale\" content=\"de_DE\" \/>\n<meta property=\"og:type\" content=\"article\" \/>\n<meta property=\"og:title\" content=\"Experten f\u00fcr private Luftfahrt \u2013 WindyJets\" \/>\n<meta property=\"og:description\" content=\"Wir begleiten Sie bei Ihrer Privatjet-Reiseplanung. Wir sind Experten f\u00fcr die private Luftfahrt und alle damit verbundenen Dienstleistungen.\" \/>\n<meta property=\"og:url\" content=\"https:\/\/windyjets.com\/de\/ueber-uns\/\" \/>\n<meta property=\"og:site_name\" content=\"WindyJets\" \/>\n<meta property=\"article:modified_time\" content=\"2023-07-12T08:33:00+00:00\" \/>\n<meta property=\"og:image\" content=\"https:\/\/windyjets.com\/wp-content\/uploads\/2023\/05\/favicon.png\" \/>\n\t<meta property=\"og:image:width\" content=\"512\" \/>\n\t<meta property=\"og:image:height\" content=\"512\" \/>\n\t<meta property=\"og:image:type\" content=\"image\/png\" \/>\n<meta name=\"twitter:card\" content=\"summary_large_image\" \/>\n<meta name=\"twitter:label1\" content=\"Gesch\u00e4tzte Lesezeit\" \/>\n\t<meta name=\"twitter:data1\" content=\"9\u00a0Minuten\" \/>\n<script type=\"application\/ld+json\" class=\"yoast-schema-graph\">{\"@context\":\"https:\/\/schema.org\",\"@graph\":[{\"@type\":\"WebPage\",\"@id\":\"https:\/\/windyjets.com\/de\/ueber-uns\/\",\"url\":\"https:\/\/windyjets.com\/de\/ueber-uns\/\",\"name\":\"Experten f\u00fcr private Luftfahrt \u2013 WindyJets\",\"isPartOf\":{\"@id\":\"https:\/\/windyjets.com\/de\/#website\"},\"primaryImageOfPage\":{\"@id\":\"https:\/\/windyjets.com\/de\/ueber-uns\/#primaryimage\"},\"image\":{\"@id\":\"https:\/\/windyjets.com\/de\/ueber-uns\/#primaryimage\"},\"thumbnailUrl\":\"https:\/\/windyjets.com\/wp-content\/uploads\/2023\/05\/favicon.png\",\"datePublished\":\"2023-05-10T13:39:52+00:00\",\"dateModified\":\"2023-07-12T08:33:00+00:00\",\"description\":\"Wir begleiten Sie bei Ihrer Privatjet-Reiseplanung. Wir sind Experten f\u00fcr die private Luftfahrt und alle damit verbundenen Dienstleistungen.\",\"breadcrumb\":{\"@id\":\"https:\/\/windyjets.com\/de\/ueber-uns\/#breadcrumb\"},\"inLanguage\":\"de\",\"potentialAction\":[{\"@type\":\"ReadAction\",\"target\":[\"https:\/\/windyjets.com\/de\/ueber-uns\/\"]}]},{\"@type\":\"ImageObject\",\"inLanguage\":\"de\",\"@id\":\"https:\/\/windyjets.com\/de\/ueber-uns\/#primaryimage\",\"url\":\"https:\/\/windyjets.com\/wp-content\/uploads\/2023\/05\/favicon.png\",\"contentUrl\":\"https:\/\/windyjets.com\/wp-content\/uploads\/2023\/05\/favicon.png\",\"width\":512,\"height\":512},{\"@type\":\"BreadcrumbList\",\"@id\":\"https:\/\/windyjets.com\/de\/ueber-uns\/#breadcrumb\",\"itemListElement\":[{\"@type\":\"ListItem\",\"position\":1,\"name\":\"Portada\",\"item\":\"https:\/\/windyjets.com\/de\/privatjet-vermietung\/\"},{\"@type\":\"ListItem\",\"position\":2,\"name\":\"\u00dcber uns\"}]},{\"@type\":\"WebSite\",\"@id\":\"https:\/\/windyjets.com\/de\/#website\",\"url\":\"https:\/\/windyjets.com\/de\/\",\"name\":\"WindyJets\",\"description\":\"Alquiler Jets Privados\",\"publisher\":{\"@id\":\"https:\/\/windyjets.com\/de\/#organization\"},\"alternateName\":\"Windy Jets\",\"potentialAction\":[{\"@type\":\"SearchAction\",\"target\":{\"@type\":\"EntryPoint\",\"urlTemplate\":\"https:\/\/windyjets.com\/de\/?s={search_term_string}\"},\"query-input\":\"required name=search_term_string\"}],\"inLanguage\":\"de\"},{\"@type\":\"Organization\",\"@id\":\"https:\/\/windyjets.com\/de\/#organization\",\"name\":\"WindyJets\",\"alternateName\":\"Windy Jets\",\"url\":\"https:\/\/windyjets.com\/de\/\",\"logo\":{\"@type\":\"ImageObject\",\"inLanguage\":\"de\",\"@id\":\"https:\/\/windyjets.com\/de\/#\/schema\/logo\/image\/\",\"url\":\"https:\/\/windyjets.com\/wp-content\/uploads\/2023\/05\/logo-windyjets.png\",\"contentUrl\":\"https:\/\/windyjets.com\/wp-content\/uploads\/2023\/05\/logo-windyjets.png\",\"width\":1400,\"height\":250,\"caption\":\"WindyJets\"},\"image\":{\"@id\":\"https:\/\/windyjets.com\/de\/#\/schema\/logo\/image\/\"}}]}<\/script>\n<!-- \/ Yoast SEO plugin. -->","yoast_head_json":{"title":"Experten f\u00fcr private Luftfahrt \u2013 WindyJets","description":"Wir begleiten Sie bei Ihrer Privatjet-Reiseplanung. Wir sind Experten f\u00fcr die private Luftfahrt und alle damit verbundenen Dienstleistungen.","robots":{"index":"index","follow":"follow","max-snippet":"max-snippet:-1","max-image-preview":"max-image-preview:large","max-video-preview":"max-video-preview:-1"},"canonical":"https:\/\/windyjets.com\/de\/ueber-uns\/","og_locale":"de_DE","og_type":"article","og_title":"Experten f\u00fcr private Luftfahrt \u2013 WindyJets","og_description":"Wir begleiten Sie bei Ihrer Privatjet-Reiseplanung. Wir sind Experten f\u00fcr die private Luftfahrt und alle damit verbundenen Dienstleistungen.","og_url":"https:\/\/windyjets.com\/de\/ueber-uns\/","og_site_name":"WindyJets","article_modified_time":"2023-07-12T08:33:00+00:00","og_image":[{"width":512,"height":512,"url":"https:\/\/windyjets.com\/wp-content\/uploads\/2023\/05\/favicon.png","type":"image\/png"}],"twitter_card":"summary_large_image","twitter_misc":{"Gesch\u00e4tzte Lesezeit":"9\u00a0Minuten"},"schema":{"@context":"https:\/\/schema.org","@graph":[{"@type":"WebPage","@id":"https:\/\/windyjets.com\/de\/ueber-uns\/","url":"https:\/\/windyjets.com\/de\/ueber-uns\/","name":"Experten f\u00fcr private Luftfahrt \u2013 WindyJets","isPartOf":{"@id":"https:\/\/windyjets.com\/de\/#website"},"primaryImageOfPage":{"@id":"https:\/\/windyjets.com\/de\/ueber-uns\/#primaryimage"},"image":{"@id":"https:\/\/windyjets.com\/de\/ueber-uns\/#primaryimage"},"thumbnailUrl":"https:\/\/windyjets.com\/wp-content\/uploads\/2023\/05\/favicon.png","datePublished":"2023-05-10T13:39:52+00:00","dateModified":"2023-07-12T08:33:00+00:00","description":"Wir begleiten Sie bei Ihrer Privatjet-Reiseplanung. Wir sind Experten f\u00fcr die private Luftfahrt und alle damit verbundenen Dienstleistungen.","breadcrumb":{"@id":"https:\/\/windyjets.com\/de\/ueber-uns\/#breadcrumb"},"inLanguage":"de","potentialAction":[{"@type":"ReadAction","target":["https:\/\/windyjets.com\/de\/ueber-uns\/"]}]},{"@type":"ImageObject","inLanguage":"de","@id":"https:\/\/windyjets.com\/de\/ueber-uns\/#primaryimage","url":"https:\/\/windyjets.com\/wp-content\/uploads\/2023\/05\/favicon.png","contentUrl":"https:\/\/windyjets.com\/wp-content\/uploads\/2023\/05\/favicon.png","width":512,"height":512},{"@type":"BreadcrumbList","@id":"https:\/\/windyjets.com\/de\/ueber-uns\/#breadcrumb","itemListElement":[{"@type":"ListItem","position":1,"name":"Portada","item":"https:\/\/windyjets.com\/de\/privatjet-vermietung\/"},{"@type":"ListItem","position":2,"name":"\u00dcber uns"}]},{"@type":"WebSite","@id":"https:\/\/windyjets.com\/de\/#website","url":"https:\/\/windyjets.com\/de\/","name":"WindyJets","description":"Alquiler Jets Privados","publisher":{"@id":"https:\/\/windyjets.com\/de\/#organization"},"alternateName":"Windy Jets","potentialAction":[{"@type":"SearchAction","target":{"@type":"EntryPoint","urlTemplate":"https:\/\/windyjets.com\/de\/?s={search_term_string}"},"query-input":"required name=search_term_string"}],"inLanguage":"de"},{"@type":"Organization","@id":"https:\/\/windyjets.com\/de\/#organization","name":"WindyJets","alternateName":"Windy Jets","url":"https:\/\/windyjets.com\/de\/","logo":{"@type":"ImageObject","inLanguage":"de","@id":"https:\/\/windyjets.com\/de\/#\/schema\/logo\/image\/","url":"https:\/\/windyjets.com\/wp-content\/uploads\/2023\/05\/logo-windyjets.png","contentUrl":"https:\/\/windyjets.com\/wp-content\/uploads\/2023\/05\/logo-windyjets.png","width":1400,"height":250,"caption":"WindyJets"},"image":{"@id":"https:\/\/windyjets.com\/de\/#\/schema\/logo\/image\/"}}]}},"_links":{"self":[{"href":"https:\/\/windyjets.com\/de\/wp-json\/wp\/v2\/pages\/219668","targetHints":{"allow":["GET"]}}],"collection":[{"href":"https:\/\/windyjets.com\/de\/wp-json\/wp\/v2\/pages"}],"about":[{"href":"https:\/\/windyjets.com\/de\/wp-json\/wp\/v2\/types\/page"}],"author":[{"embeddable":true,"href":"https:\/\/windyjets.com\/de\/wp-json\/wp\/v2\/users\/2"}],"replies":[{"embeddable":true,"href":"https:\/\/windyjets.com\/de\/wp-json\/wp\/v2\/comments?post=219668"}],"version-history":[{"count":10,"href":"https:\/\/windyjets.com\/de\/wp-json\/wp\/v2\/pages\/219668\/revisions"}],"predecessor-version":[{"id":225323,"href":"https:\/\/windyjets.com\/de\/wp-json\/wp\/v2\/pages\/219668\/revisions\/225323"}],"wp:featuredmedia":[{"embeddable":true,"href":"https:\/\/windyjets.com\/de\/wp-json\/wp\/v2\/media\/218265"}],"wp:attachment":[{"href":"https:\/\/windyjets.com\/de\/wp-json\/wp\/v2\/media?parent=219668"}],"curies":[{"name":"wp","href":"https:\/\/api.w.org\/{rel}","templated":true}]}}